{"id":1678,"date":"2021-11-04T11:58:51","date_gmt":"2021-11-04T11:58:51","guid":{"rendered":"https:\/\/www.casasdavargem.com\/madeira-island-and-ponta-do-sol\/"},"modified":"2022-02-16T12:35:16","modified_gmt":"2022-02-16T12:35:16","slug":"ilha-da-madeira-e-ponta-do-sol","status":"publish","type":"page","link":"https:\/\/www.casasdavargem.com\/pt-pt\/ilha-da-madeira-e-ponta-do-sol\/","title":{"rendered":"Ilha da Madeira e Ponta do Sol"},"content":{"rendered":"<p>[vc_row full_width=&#8221;stretch_row_content&#8221; css=&#8221;.vc_custom_1634321725512{margin-top: -15px !important;margin-bottom: 0px !important;padding-top: 15px !important;padding-right: 15px !important;padding-bottom: 0px !important;padding-left: 15px !important;background-color: #f9f9f9 !important;}&#8221; el_class=&#8221;book-form-wrapper&#8221; el_id=&#8221;book-form&#8221;][vc_column css=&#8221;.vc_custom_1634320697494{margin-top: 0px !important;margin-right: 0px !important;margin-bottom: 0px !important;margin-left: 0px !important;border-top-width: 0px !important;border-right-width: 0px !important;border-bottom-width: 0px !important;border-left-width: 0px !important;padding-top: 0px !important;padding-right: 0px !important;padding-bottom: 0px !important;padding-left: 0px !important;}&#8221;][vc_raw_html el_class=&#8221;book-header&#8221; css=&#8221;.vc_custom_1645014913245{margin-top: 0px !important;margin-right: 0px !important;margin-bottom: 0px !important;margin-left: 0px !important;border-top-width: 0px !important;border-right-width: 0px !important;border-bottom-width: 0px !important;border-left-width: 0px !important;padding-top: 0px !important;padding-right: 0px !important;padding-bottom: 0px !important;padding-left: 0px !important;}&#8221;]JTNDZGl2JTIwY2xhc3MlM0QlMjJib29raW5nc3luYy1ib29rbm93JTIyJTIwZGF0YS1hY2NvdW50LWlkJTNEJTIyMTkyMCUyMiUyMGRhdGEtcmVudGFsLWlkJTNEJTIyMTE2NjYwJTJDMTE2NjcwJTIyJTIwZGF0YS1zb3VyY2UtaWQlM0QlMjIxNzA1OCUyMiUzRSUzQyUyRmRpdiUzRSUwQSUzQ3NjcmlwdCUyMHR5cGUlM0QlMjJ0ZXh0JTJGamF2YXNjcmlwdCUyMiUyMHNyYyUzRCUyMmh0dHBzJTNBJTJGJTJGd3d3LmJvb2tpbmdzeW5jLmNvbSUyRmFwaSUyRnYyJTJGanMlMkZib29rbm93LmpzJTIyJTNFJTNDJTJGc2NyaXB0JTNF[\/vc_raw_html][\/vc_column][\/vc_row][vc_row css=&#8221;.vc_custom_1621620763974{padding-top: 50px !important;padding-bottom: 80px !important;}&#8221;][vc_column][vc_custom_heading text=&#8221;A Ilha Madeira e Ponta do Sol&#8221; font_container=&#8221;tag:h6|text_align:left&#8221; use_theme_fonts=&#8221;yes&#8221; el_class=&#8221;text-uppercase&#8221;][vc_custom_heading text=&#8221;Um para\u00edso no meio do Atl\u00e2ntico&#8221; use_theme_fonts=&#8221;yes&#8221; css=&#8221;.vc_custom_1636118406671{margin-top: 0px !important;margin-bottom: 30px !important;}&#8221;][vc_row_inner][vc_column_inner width=&#8221;1\/12&#8243;][\/vc_column_inner][vc_column_inner width=&#8221;5\/12&#8243;][vc_column_text]<strong>Onde fica a ilha da Madeira?<\/strong><br \/>\nSomos um pontinho no meio do oceano Atl\u00e2ntico de origem que guarda in\u00fameras belezas, recursos naturais e uma deslumbrante floresta Laurissilva, considerada pela UNESCO como Patrim\u00f3nio Natural da Humanidade.<\/p>\n<p>Entre rochas, t\u00faneis e cascatas as levadas da Madeira percorrem a ilha de norte a sul, transportando \u00e1gua e oferecendo trilhos onde poder\u00e1s caminhar e observar o interior da ilha.<\/p>\n<p>Desde o BTT ao canyoning, passando pelo trail running, coasteering, parapente, poder\u00e1s usufruir de in\u00fameras atividades, em modo aventura ou acompanhado com a tua fam\u00edlia.[\/vc_column_text][\/vc_column_inner][vc_column_inner width=&#8221;5\/12&#8243;][vc_column_text css=&#8221;.vc_custom_1636118553403{margin-top: 28px !important;}&#8221;]Com um do um dos melhores climas da Europa, a ilha da Madeira oferece banhos de praia durante todo o ano. Entre praias de areia artificial, praias de calhau ou praias de areia preta natural, poder\u00e1s mergulhar na imensid\u00e3o do Atl\u00e2ntico e descobrir a vida marinha.<\/p>\n<p>Por fim, destacamos os sabores, a cultura e tradi\u00e7\u00f5es da ilha da Madeira. A frescura e sabores dos produtos regionais passam da \u201cterra ao prato\u201d, onde a diversidade e as combina\u00e7\u00f5es tropicais s\u00e3o experi\u00eancias sensoriais de \u201coutro mundo\u201d. Nas tradi\u00e7\u00f5es e cultura, vais encontrar muito para explorar: os trajes aos chap\u00e9us regionais, os carrinhos de cestos do Monte, o artesanato a m\u00fasica e a arquitetura.[\/vc_column_text][\/vc_column_inner][vc_column_inner width=&#8221;1\/12&#8243;][\/vc_column_inner][\/vc_row_inner][\/vc_column][\/vc_row][vc_row full_width=&#8221;stretch_row&#8221; parallax=&#8221;content-moving&#8221; css=&#8221;.vc_custom_1634304607717{padding-top: 400px !important;padding-bottom: 50px !important;background-image: url(https:\/\/www.casasdavargem.com\/wp-content\/uploads\/2021\/10\/pont-do-sol-23.jpg?id=1426) !important;background-position: center;background-repeat: no-repeat !important;background-size: cover !important;}&#8221; el_class=&#8221;hide-on-mobile&#8221;][vc_column width=&#8221;1\/6&#8243; offset=&#8221;vc_hidden-xs&#8221;][\/vc_column][vc_column width=&#8221;2\/3&#8243;][vc_custom_heading text=&#8221;A bonita vila da Ponta do Sol \u00e9 conhecida pela sua luz natural, eleg\u00e2ncia, bom clima e pacatez.&#8221; font_container=&#8221;tag:h2|text_align:center|color:%23ffffff&#8221; use_theme_fonts=&#8221;yes&#8221; css=&#8221;.vc_custom_1636118609726{margin-top: 20px !important;margin-bottom: 20px !important;}&#8221;][\/vc_column][vc_column width=&#8221;1\/6&#8243;][\/vc_column][\/vc_row][vc_row css=&#8221;.vc_custom_1623771856692{margin-bottom: 50px !important;}&#8221;][vc_column width=&#8221;1\/6&#8243;][\/vc_column][vc_column width=&#8221;2\/3&#8243;][vc_column_text]<strong>Com um dos pores do sol mais bonitos da ilha, a Ponta do Sol ganhou este nome gra\u00e7as \u00e0 excelente exposi\u00e7\u00e3o solar, que lhe garante o maior n\u00famero de horas onde o sol brilha na Madeira.<\/strong><\/p>\n<p>Nos \u00faltimos anos este pequeno concelho tem ganho notoriedade gra\u00e7as \u00e0 interven\u00e7\u00e3o cultural, dinamizada por privados e pequenas organiza\u00e7\u00f5es locais que criaram eventos de dimens\u00e3o nacional e internacional.<\/p>\n<p>A Ponta do Sol est\u00e1 servida de pequeno com\u00e9rcio, caf\u00e9s, restaurantes, hot\u00e9is e praias de calhau.[\/vc_column_text][\/vc_column][vc_column width=&#8221;1\/6&#8243;][\/vc_column][\/vc_row][vc_row][vc_column width=&#8221;1\/6&#8243;][\/vc_column][vc_column width=&#8221;2\/3&#8243;][vc_custom_heading text=&#8221;Onde comer&#8221; font_container=&#8221;tag:h6|text_align:center&#8221; use_theme_fonts=&#8221;yes&#8221;][vc_custom_heading text=&#8221;Bares e Restaurantes, as nossas sugest\u00f5es&#8221; font_container=&#8221;tag:h2|text_align:center&#8221; use_theme_fonts=&#8221;yes&#8221; css=&#8221;.vc_custom_1636717283904{margin-top: 0px !important;margin-bottom: 50px !important;padding-top: 0px !important;}&#8221;][vc_text_separator title=&#8221;Peixe e Marisco&#8221; i_icon_fontawesome=&#8221;fas fa-fish&#8221; i_color=&#8221;black&#8221; add_icon=&#8221;true&#8221;][vc_row_inner gap=&#8221;30&#8243;][vc_column_inner css=&#8221;.vc_custom_1623771379081{margin-top: 10px !important;margin-bottom: 10px !important;}&#8221;][vc_custom_heading text=&#8221;A Poita&#8221; font_container=&#8221;tag:h5|text_align:left&#8221; use_theme_fonts=&#8221;yes&#8221;][vc_column_text]Situado na vila piscat\u00f3ria da Madalena do Mar, este pequeno restaurante familiar tem como especialidade o peixe fresco e mariscos.<\/p>\n<p><strong>Morada:<\/strong> Estrada Lombos, 1 \u2013 Madalena do Mar<br \/>\n<strong>Contacto:<\/strong> +351\u00a0291\u00a0972\u00a0871[\/vc_column_text][vc_text_separator title=&#8221;&#8221;][vc_custom_heading text=&#8221;Restaurante Moreia&#8221; font_container=&#8221;tag:h5|text_align:left&#8221; use_theme_fonts=&#8221;yes&#8221;][vc_column_text]A Moreia oferece uma \u00f3tima qualidade para quem procura sabores do mar madeirense. Fica situado junto \u00e0 igreja de Santa Maria Madelana, na Madalena do Mar.<\/p>\n<p><strong>Morada:<\/strong> Vereda do Nateiro \u2013 Madalena do Mar<br \/>\n<strong>Contacto:<\/strong> +351\u00a0291\u00a0974\u00a0210[\/vc_column_text][vc_text_separator title=&#8221;&#8221;][\/vc_column_inner][\/vc_row_inner][vc_custom_heading text=&#8221;Restaurante Caravela&#8221; font_container=&#8221;tag:h5|text_align:left&#8221; use_theme_fonts=&#8221;yes&#8221;][vc_column_text]Situado na costa Norte da ilha, em S\u00e3o Vicente, este restaurante \u00e9 um excelente lugar para degustar peixe fresco. Possui uma boa garrafeira! Fica a 24km, aproximadamente 30 minutos de carro da propriedade.<\/p>\n<p><strong>Morada:<\/strong> ER101 \u2013 S\u00e3o Vicente<br \/>\n<strong>Contacto:<\/strong> +351\u00a0291\u00a0842\u00a0814[\/vc_column_text][vc_text_separator title=&#8221;&#8221;][vc_custom_heading text=&#8221;Restaurante Portinho&#8221; font_container=&#8221;tag:h5|text_align:left&#8221; use_theme_fonts=&#8221;yes&#8221;][vc_column_text]Situado no Jardim do Mar, pequena localidade conhecida pela sua vila pitoresca e pelas ondas perfeitas para o Surf, este restaurante excelente para apreciar peixe, mariscos juntamente com mergulhos na praia em frente ao bar. Fica a 25 minutos de carro da propriedade.<\/p>\n<p><strong>Morada:<\/strong> Rua do Portinho, 2 \u2013 Jardim do Mar<br \/>\n<strong>Contacto:<\/strong> +351\u00a0291\u00a0827\u00a0135[\/vc_column_text][\/vc_column][vc_column width=&#8221;1\/6&#8243;][\/vc_column][\/vc_row][vc_row][vc_column width=&#8221;1\/6&#8243;][\/vc_column][vc_column width=&#8221;2\/3&#8243;][vc_text_separator title=&#8221;Carne&#8221; i_icon_fontawesome=&#8221;fas fa-drumstick-bite&#8221; i_color=&#8221;black&#8221; add_icon=&#8221;true&#8221;][vc_row_inner gap=&#8221;30&#8243;][vc_column_inner css=&#8221;.vc_custom_1623771379081{margin-top: 10px !important;margin-bottom: 10px !important;}&#8221;][vc_custom_heading text=&#8221;Restaurante 100 Pressa&#8221; font_container=&#8221;tag:h5|text_align:left&#8221; use_theme_fonts=&#8221;yes&#8221;][vc_column_text]Localizado na Ribeira Brava, este restaurante fica a 7 minutos de carro da propriedade. Aqui pode experimentar a t\u00edpica espetada madeirense juntamente com outros grelhados.<\/p>\n<p><strong>Morada:<\/strong> Estrada da Sant\u00edssima Trindade, 6 \u2013 S\u00edtio da Praia \u2013 Ribeira Brava<br \/>\n<strong>Contacto:<\/strong> +351\u00a0291\u00a0953\u00a0287[\/vc_column_text][vc_text_separator title=&#8221;&#8221;][vc_custom_heading text=&#8221;Restaurante Miradouro Cruz da Caldeira&#8221; font_container=&#8221;tag:h5|text_align:left&#8221; use_theme_fonts=&#8221;yes&#8221;][vc_column_text]Depois de uma visita matinal ao ic\u00f3nico miradouro do Cabo Gir\u00e3o, sugerimos um almo\u00e7o neste magn\u00edfico restaurante. A espetada regional e a costeleta de vaca s\u00e3o as especialidades da casa. Fica a 20 minutos de carro da propriedade.<\/p>\n<p><strong>Morada:<\/strong> Estrada Jo\u00e3o Gon\u00e7alves Zarco, C\u00e2mara de Lobos<br \/>\n<strong>Contacto:<\/strong> +351 291\u00a0943\u00a0349[\/vc_column_text][vc_text_separator title=&#8221;&#8221;][\/vc_column_inner][\/vc_row_inner][vc_custom_heading text=&#8221;Restaurante Steak&amp;Sun&#8221; font_container=&#8221;tag:h5|text_align:left&#8221; use_theme_fonts=&#8221;yes&#8221;][vc_column_text]Situado no centro da vila da Ponta do Sol, pode encontrar uma boa variedade de pratos e vinhos nacionais.<\/p>\n<p><strong>Morada:<\/strong> Rua Dr. Jo\u00e3o Augusto Teixeira \u2013 Ponta do Sol<br \/>\n<strong>Contacto:<\/strong> +351 92 7793 866[\/vc_column_text][vc_text_separator title=&#8221;&#8221;][vc_custom_heading text=&#8221;Restaurante Casa Bettencourt&#8221; font_container=&#8221;tag:h5|text_align:left&#8221; use_theme_fonts=&#8221;yes&#8221;][vc_column_text]Situado nos Prazeres, este restaurante fica a aproximadamente 20 minutos de carro da propriedade. Com ambiente r\u00fastico, oferece o sabor da gastronomia tradicional portuguesa.<\/p>\n<p><strong>Morada:<\/strong> Estrada dos Prazeres \u2013 9370-611 Calheta<br \/>\n<strong>Contacto:<\/strong> +351 96 3966 818[\/vc_column_text][vc_text_separator title=&#8221;&#8221;][vc_custom_heading text=&#8221;Restaurante Cantinho da Serra&#8221; font_container=&#8221;tag:h5|text_align:left&#8221; use_theme_fonts=&#8221;yes&#8221;][vc_column_text]E restaurante \u00e9 uma excelente escolha para se deliciar com comida t\u00edpica portuguesa. Fica situado no concelho de Santana, na costa norte da ilha. Fica aproximadamente 1 hora de carro da propriedade.<\/p>\n<p><strong>Morada:<\/strong> Estrada do Pico das Pedras, 57 \u2013 9230-107<br \/>\n<strong>Contacto:<\/strong> +291\u00a0573\u00a0727[\/vc_column_text][vc_text_separator title=&#8221;&#8221;][vc_custom_heading text=&#8221;Restaurante Kampo&#8221; font_container=&#8221;tag:h5|text_align:left&#8221; use_theme_fonts=&#8221;yes&#8221;][vc_column_text]O Kampo \u00e9 um restaurante de experi\u00eancias, onde sabores vindos da terra ganham destaque nos pratos idealizados pelo Chef J\u00falio Pereira, que d\u00e1 a conhecer as suas origens de uma forma criativa.<\/p>\n<p><strong>Morada:<\/strong> Rua do Sab\u00e3o, 6 &#8211; Funchal<br \/>\n<strong>Contacto:<\/strong> <a href=\"http:\/\/www.kampo.pt\">www.kampo.pt<\/a>[\/vc_column_text][vc_text_separator title=&#8221;&#8221;][vc_custom_heading text=&#8221;Restaurante Casa de Palha&#8221; font_container=&#8221;tag:h5|text_align:left&#8221; use_theme_fonts=&#8221;yes&#8221;][vc_column_text]Situado no Concelho de Santana, mais propriamente em S\u00e3o Jorge encontra o Restaurante a &#8220;Casa de Palha&#8221;, uma r\u00e9plica da casa t\u00edpica desta localidade nortenha, sendo toda constru\u00edda em madeira e coberta com colmo.<\/p>\n<p><span style=\"font-size: 1rem;\">Aqui poder\u00e1 degustar boas especialidades num ambiente em que a natureza \u00e9 rainha.<\/span><\/p>\n<p><strong>Morada:<\/strong> Rua Padre Francisco Marques Mendon\u00e7a n.\u00ba 5 &#8211; Santana<br \/>\n<strong>Contacto:<\/strong> +291\u00a0576\u00a0382[\/vc_column_text][\/vc_column][vc_column width=&#8221;1\/6&#8243;][\/vc_column][\/vc_row][vc_row][vc_column width=&#8221;1\/6&#8243;][\/vc_column][vc_column width=&#8221;2\/3&#8243;][vc_text_separator title=&#8221;Peixe e Carne&#8221; i_icon_fontawesome=&#8221;fas fa-utensils&#8221; i_color=&#8221;black&#8221; add_icon=&#8221;true&#8221;][vc_row_inner gap=&#8221;30&#8243;][vc_column_inner css=&#8221;.vc_custom_1623771379081{margin-top: 10px !important;margin-bottom: 10px !important;}&#8221;][vc_custom_heading text=&#8221;Restaurante Bar Maktub&#8221; font_container=&#8221;tag:h5|text_align:left&#8221; use_theme_fonts=&#8221;yes&#8221;][vc_column_text]Situado no Paul do Mar, a cerca de 20 km e aproximadamente 25 minutos de carro, numa vila de pescadores, \u00e9 um local perfeito para beber um copo e apreciar um bom p\u00f4r do sol. Boa m\u00fasica e boas energias!\u00a0Refei\u00e7\u00f5es mediante reserva.<\/p>\n<p><strong>Morada:<\/strong> Rua Dr. Jo\u00e3o Augusto Teixeira \u2013 Ponta do Sol<br \/>\n<strong>Contacto:<\/strong> +351 92 7793 866[\/vc_column_text][vc_text_separator title=&#8221;&#8221;][vc_custom_heading text=&#8221;Restaurante Solar dos Prazeres&#8221; font_container=&#8221;tag:h5|text_align:left&#8221; use_theme_fonts=&#8221;yes&#8221;][vc_column_text]Este restaurante \u00e9 \u00f3timo para degustar um dos mais tradicionais pratos portugueses: O Bacalhau com Gr\u00e3o. O restaurante disp\u00f5e de uma emente variada.<\/p>\n<p><strong>Morada:<\/strong> Prazeres \u2013 VE3 \u2013 9370-630 Lombo da Rocha<br \/>\n<strong>Contacto:<\/strong> +351 96 2735 280[\/vc_column_text][vc_text_separator title=&#8221;&#8221;][\/vc_column_inner][\/vc_row_inner][vc_custom_heading text=&#8221;Estalagem da Ponta do Sol&#8221; font_container=&#8221;tag:h5|text_align:left&#8221; use_theme_fonts=&#8221;yes&#8221;][vc_column_text]A melhor maneira de definir o conceito base da Estalagem da Ponta do Sol \u00e9 a ideia de um hotel de escape.<\/p>\n<p>Aqui pode encontrar um restaurante situado estrategicamente, com vistas espetaculares do oceano, da vila da Ponta do Sol em baixo e dos socalcos opostos com planta\u00e7\u00f5es de bananeiras. Menu internacional com uma escolha de pratos mediterr\u00e2nicos, vegetarianos e locais.<\/p>\n<p>\u2013 Bar principal com dois fog\u00f5es de sala acolhedores e um terra\u00e7o muito agrad\u00e1vel, o s\u00edtio perfeito para tomar uma bebida, descontrair e gozar os fins de tarde, com os magn\u00edficos p\u00f4r do sol.<\/p>\n<p>\u2013 Bar Kabo junto \u00e0s piscinas com uma espantosa vista de mar a 180 graus da veranda.<\/p>\n<p><strong>Mais informa\u00e7\u00f5es:<\/strong> <a href=\"https:\/\/www.pontadosol.com\/\">www.pontadosol.com<\/a>[\/vc_column_text][\/vc_column][vc_column width=&#8221;1\/6&#8243;][\/vc_column][\/vc_row][vc_row][vc_column width=&#8221;1\/6&#8243;][\/vc_column][vc_column width=&#8221;2\/3&#8243;][vc_text_separator title=&#8221;Bar&#8221; i_icon_fontawesome=&#8221;fas fa-cocktail&#8221; i_color=&#8221;black&#8221; add_icon=&#8221;true&#8221;][vc_custom_heading text=&#8221;Bar Pukiki&#8221; font_container=&#8221;tag:h5|text_align:left&#8221; use_theme_fonts=&#8221;yes&#8221;][vc_column_text]O Pukiki \u00e9 primeiro e \u00fanico bar tiki da Madeira\u201d<\/p>\n<p>Localizado no Estreito da Calheta, Pukiki traz-lhe a maior selec\u00e7\u00e3o de rum da Madeira, tiki e cocktails tropicais.<\/p>\n<p><strong>Morada:<\/strong> Rua das Frunas 77 \u2013 Estreito da Calheta<br \/>\n<strong>Contacto:<\/strong> +351 96 7560 948[\/vc_column_text][vc_text_separator title=&#8221;Parceiros&#8221; i_icon_fontawesome=&#8221;fas fa-map-marked-alt&#8221; i_color=&#8221;black&#8221; add_icon=&#8221;true&#8221;][vc_custom_heading text=&#8221;Local 4&#215;4 Tour @ Ponta do Sol&#8221; font_container=&#8221;tag:h5|text_align:left&#8221; use_theme_fonts=&#8221;yes&#8221;][vc_column_text]Esteja preparado para explorar a Ponta do Sol numa aventura 4&#215;4 com um pouco de adrenalina. O Lu\u00eds ir\u00e1 contar-lhe algumas hist\u00f3rias sobre as paisagens da Ponta do Sol e o seu valor ecol\u00f3gico, como gera\u00e7\u00f5es mais velhas constru\u00edram estas estradas e canais de \u00e1gua.<\/p>\n<p><strong>Social Media:<\/strong><br \/>\nFacebook: <a href=\"https:\/\/www.facebook.com\/LocalToursPontaDoSol\" target=\"_blank\" rel=\"noopener\">fb.me\/LocalToursPontaDoSol<\/a><br \/>\nInstagram: <a href=\"https:\/\/www.instagram.com\/localtourspontadosol\/\" target=\"_blank\" rel=\"noopener\">@LocalToursPontaDoSol<\/a><\/p>\n<p><strong>Contactos:<br \/>\nLu\u00eds Ramos:<\/strong> +351 967785048<br \/>\n<strong>e-mail:<\/strong> <a href=\"mailto:localtourspontadosol@yahoo.com\">localtourspontadosol@yahoo.com<\/a>[\/vc_column_text][vc_text_separator title=&#8221;&#8221;][vc_custom_heading text=&#8221;Lente do Atl\u00e2ntico&#8221; font_container=&#8221;tag:h5|text_align:left&#8221; use_theme_fonts=&#8221;yes&#8221;][vc_column_text]<strong>Torne-se um Spotter baleias com um perito!<\/strong><\/p>\n<p>Vem descobrir a vida selvagem atl\u00e2ntica a partir da costa! Esta \u00e9 uma experi\u00eancia original que podes experimentar na ilha da Madeira. Todos os anos, milhares de turistas v\u00eam ver golfinhos, baleias e aves marinhas no seu habitat e esta \u00e9 uma das atividades mais populares entre os nossos visitantes. A partir da Lombada da Ponta do Sol poder\u00e1 aprender a ser um Spotter. Ap\u00f3s um breve briefing sobre como utilizar o equipamento e o que procurar, est\u00e1 pronto para a a\u00e7\u00e3o. Durante a observa\u00e7\u00e3o ter\u00e1 oportunidade de ouvir um pouco da hist\u00f3ria da ca\u00e7a \u00e0 baleia da Madeira. No final da experi\u00eancia poder\u00e1 tamb\u00e9m observar a lua ou planetas, se o tempo o permitir. Terminar\u00e1 a atividade com uma bebida ao p\u00f4r-do-sol (dependendo do local, hora do dia, e estado do tempo).<\/p>\n<p>Nota: o local pode mudar dependendo da previs\u00e3o ou da escolha do h\u00f3spede. N\u00e3o podemos garantir mam\u00edferos marinhos, mas a taxa de sucesso de avistamentos de aves \u00e9 de 100%.<\/p>\n<p>Contactos<\/p>\n<p><strong>Social Media:<br \/>\n<\/strong>Facebook: <a href=\"https:\/\/www.facebook.com\/Lente-do-Atl%C3%A2ntico-963152563816162\/?ref=bookmarks\" target=\"_blank\" rel=\"noopener\">Lente do Atl\u00e2ntico<\/a><\/p>\n<p>Instagram: <a href=\"https:\/\/www.instagram.com\/lentedoatlantico2020\/\" target=\"_blank\" rel=\"noopener\">@lentedoatlantico2020<\/a><\/p>\n<p><strong>Higino Faria<\/strong>, Coordinator\/Manager\u00a0(Co-founder)<br \/>\nTelefone: +351 969486444 \u2013 emaill: <a href=\"mailto:higinof.faria15@gmail.com\">higinof.faria15@gmail.com<\/a><\/p>\n<p><strong>Valerio Sousa<\/strong>, Assintant Coordinator\u00a0(Co-founder)<br \/>\nTelefone: 967387955[\/vc_column_text][vc_text_separator title=&#8221;&#8221;][vc_custom_heading text=&#8221;Ilh\u00e9u Madeira&#8221; font_container=&#8221;tag:h5|text_align:left&#8221; use_theme_fonts=&#8221;yes&#8221;][vc_column_text]Experimente a aventura a bordo do Barco Ilh\u00e9u. Cruzeiros de um dia \u00e0 vela na costa oeste da Madeira ou p\u00f4r-do-sol e lua cheia em cruzeiro privado. Envie-nos uma mensagem ou contacte-nos atrav\u00e9s da nossa p\u00e1gina do Facebook.<\/p>\n<p><strong>Facebook:<\/strong> <a href=\"https:\/\/www.facebook.com\/ilheuclassicsailing\">facebook.com\/ilheuclassicsailing<\/a><br \/>\n<strong>e-mail:<\/strong> <a href=\"mailto:joaovilheu@hotmail.com\">joaovilheu@hotmail.com<\/a><br \/>\n<strong>Telefone:<\/strong> +351 968768194[\/vc_column_text][vc_text_separator title=&#8221;&#8221;][vc_custom_heading text=&#8221;Madeira Paragliding&#8221; font_container=&#8221;tag:h5|text_align:left&#8221; use_theme_fonts=&#8221;yes&#8221;][vc_column_text]Voar \u00e9 melhor do que sonhar!<\/p>\n<p>Tandem &amp; Solo Paradling em cen\u00e1rios \u00fanicos da ilha da Madeira<\/p>\n<p><span style=\"font-size: 1rem;\">Oferecemos voos de parapente em tandem inesquec\u00edveis, dispon\u00edvel todos os dias (conforme a meteorologia), desde o meio-dia at\u00e9 ao p\u00f4r-do-sol.<\/span><\/p>\n<p>Website &amp; contacts: <a href=\"https:\/\/www.madeira-paragliding.com\/\">www.madeira-paragliding.com<\/a>[\/vc_column_text][vc_text_separator title=&#8221;&#8221;][vc_custom_heading text=&#8221;MUDAS \u2013 Museu de Arte Contempor\u00e2nea da Madeira&#8221; font_container=&#8221;tag:h5|text_align:left&#8221; use_theme_fonts=&#8221;yes&#8221;][vc_column_text]O Mudas. Museu de Arte Contempor\u00e2nea da Madeira, situado no concelho da Calheta, \u00e9 projeto da autoria do arquiteto Paulo David, inaugurado em outubro de 2004, edificado na antiga propriedade da solarenga Casa das Mudas.<\/p>\n<p><span style=\"font-size: 1rem;\">A cole\u00e7\u00e3o de arte contempor\u00e2nea portuguesa do Museu \u00e9 essencialmente constitu\u00edda por obras adquiridas a galerias de arte ou aos pr\u00f3prios autores, juntando-se a este n\u00facleo as doa\u00e7\u00f5es provenientes das exposi\u00e7\u00f5es da antiga Galeria da Secretaria Regional de Turismo e Cultura e de particulares, como Ana Hatherly, Pedro Valdez Cardoso, Albuquerque Mendes, Sofia Areal, etcs.<\/span><\/p>\n<p>Informa\u00e7\u00f5es e contactos: <a href=\"http:\/\/www.mudasmuseuvirtual.com\/\">www.mudasmuseuvirtual.com<\/a>[\/vc_column_text][vc_text_separator title=&#8221;&#8221;][vc_custom_heading text=&#8221;TUK TUK Carla&#8221; font_container=&#8221;tag:h5|text_align:left&#8221; use_theme_fonts=&#8221;yes&#8221;][vc_column_text]Descubra a ilha de forma diferente e explore os caminhos antigos, muitas vezes usados somente pelos locais, sentindo uma maior proximidade da natureza. Na cidade, visite as pequenas ruas estreitas, caracter\u00edsticas da ilha, os miradouros, monumentos, zona hist\u00f3rica e sinta a nostalgia dos cantos e recantos da cidade.<\/p>\n<p><span style=\"font-size: 1rem;\">Para os mais aventureiros, sugerimos um passeio at\u00e9 os carrinhos de cesto e um passeio nos glamorosos jardins Monte Palace Tropical Garden, Blandy\u2019s Garden, etc&#8230;<\/span><\/p>\n<p><span style=\"font-size: 1rem;\">Entre outros tours, sugerimos uma visita \u00e0 bonita ba\u00eda de C\u00e2mara de Lobos, Cristo Rei ou Curral da Freiras. Caso pretenda, tamb\u00e9m fazemos passeios personalizados.<\/span><\/p>\n<p><strong>Contato Carla:<\/strong> +351 966 044\u00a0736[\/vc_column_text][vc_text_separator title=&#8221;&#8221;][vc_custom_heading text=&#8221;Chi Kung Yoga &#8211; Tai Chi Chuan&#8221; font_container=&#8221;tag:h5|text_align:left&#8221; use_theme_fonts=&#8221;yes&#8221;][vc_column_text]Encontre o seu equil\u00edbrio e aproveite as suas f\u00e9rias para relaxar. Alcance a longevidade e controlo o movimento do chi dentro do corpo e melhor as suas aptid\u00f5es f\u00edsicas.<\/p>\n<p><span style=\"font-size: 1rem;\">Reforce as suas energias e comece um novo dia com estes m\u00e9todos ancestrais.<\/span><\/p>\n<p><strong>Contactos:<\/strong> +351 96 6093 162 ou +351 91 7586 720<br \/>\n<a href=\"mailto:merchelakshmi@gmail.com\">merchelakshmi@gmail.com<\/a><br \/>\n<a href=\"mailto:alexbaprod@gmail.com\">alexbaprod@gmail.com<\/a>[\/vc_column_text][vc_text_separator title=&#8221;&#8221;][vc_custom_heading text=&#8221;TAXI&#8221; font_container=&#8221;tag:h5|text_align:left&#8221; use_theme_fonts=&#8221;yes&#8221;][vc_column_text]Necessita de um motorista de taxi? Apresentamos o nosso contacto na Madeira: T\u00e1xi Paulo<\/p>\n<p><strong>Telefone:<\/strong> +351 913454561[\/vc_column_text][\/vc_column][vc_column width=&#8221;1\/6&#8243;][\/vc_column][\/vc_row]<\/p>\n","protected":false},"excerpt":{"rendered":"<p>[vc_row full_width=&#8221;stretch_row_content&#8221; css=&#8221;.vc_custom_1634321725512{margin-top: -15px !important;margin-bottom: 0px !important;padding-top: 15px !important;padding-right: 15px !important;padding-bottom: 0px !important;padding-left: 15px !important;background-color: #f9f9f9 !important;}&#8221; el_class=&#8221;book-form-wrapper&#8221; el_id=&#8221;book-form&#8221;][vc_column css=&#8221;.vc_custom_1634320697494{margin-top: 0px !important;margin-right: 0px !important;margin-bottom: 0px !important;margin-left: 0px !important;border-top-width: 0px !important;border-right-width: 0px !important;border-bottom-width: 0px !important;border-left-width: 0px !important;padding-top: 0px !important;padding-right: 0px !important;padding-bottom: 0px !important;padding-left: 0px !important;}&#8221;][vc_raw_html el_class=&#8221;book-header&#8221; css=&#8221;.vc_custom_1645014913245{margin-top: 0px !important;margin-right: 0px !important;margin-bottom: 0px !important;margin-left: 0px !important;border-top-width: 0px [&hellip;]<\/p>\n","protected":false},"author":1,"featured_media":1663,"parent":0,"menu_order":0,"comment_status":"closed","ping_status":"closed","template":"","meta":{"footnotes":""},"class_list":["post-1678","page","type-page","status-publish","has-post-thumbnail","hentry"],"yoast_head":"<!-- This site is optimized with the Yoast SEO plugin v17.5 - https:\/\/yoast.com\/wordpress\/plugins\/seo\/ -->\n<title>Ilha da Madeira e Ponta do Sol - Casas da Vargem<\/title>\n<meta name=\"description\" content=\"We\u2019re a pinpoint in the middle of the Atlantic Ocean, a place that preserves countless wonders, natural resources and a stunning Laurissilva Forest, declared a World Natural Heritage Site by UNESCO.\" \/>\n<meta name=\"robots\" content=\"index, follow, max-snippet:-1, max-image-preview:large, max-video-preview:-1\" \/>\n<link rel=\"canonical\" href=\"https:\/\/www.casasdavargem.com\/pt-pt\/ilha-da-madeira-e-ponta-do-sol\/\" \/>\n<meta property=\"og:locale\" content=\"pt_PT\" \/>\n<meta property=\"og:type\" content=\"article\" \/>\n<meta property=\"og:title\" content=\"Ilha da Madeira e Ponta do Sol - Casas da Vargem\" \/>\n<meta property=\"og:description\" content=\"We\u2019re a pinpoint in the middle of the Atlantic Ocean, a place that preserves countless wonders, natural resources and a stunning Laurissilva Forest, declared a World Natural Heritage Site by UNESCO.\" \/>\n<meta property=\"og:url\" content=\"https:\/\/www.casasdavargem.com\/pt-pt\/ilha-da-madeira-e-ponta-do-sol\/\" \/>\n<meta property=\"og:site_name\" content=\"Casas da Vargem\" \/>\n<meta property=\"article:modified_time\" content=\"2022-02-16T12:35:16+00:00\" \/>\n<meta property=\"og:image\" content=\"https:\/\/www.casasdavargem.com\/wp-content\/uploads\/2021\/10\/por-do-sol.jpg\" \/>\n\t<meta property=\"og:image:width\" content=\"1500\" \/>\n\t<meta property=\"og:image:height\" content=\"998\" \/>\n<meta name=\"twitter:card\" content=\"summary_large_image\" \/>\n<meta name=\"twitter:label1\" content=\"Tempo estimado de leitura\" \/>\n\t<meta name=\"twitter:data1\" content=\"9 minutos\" \/>\n<script type=\"application\/ld+json\" class=\"yoast-schema-graph\">{\"@context\":\"https:\/\/schema.org\",\"@graph\":[{\"@type\":\"Organization\",\"@id\":\"https:\/\/www.casasdavargem.com\/#organization\",\"name\":\"Casas da Vargem\",\"url\":\"https:\/\/www.casasdavargem.com\/\",\"sameAs\":[],\"logo\":{\"@type\":\"ImageObject\",\"@id\":\"https:\/\/www.casasdavargem.com\/#logo\",\"inLanguage\":\"pt-PT\",\"url\":\"https:\/\/www.casasdavargem.com\/wp-content\/uploads\/2021\/05\/logo-casasdavargem.png\",\"contentUrl\":\"https:\/\/www.casasdavargem.com\/wp-content\/uploads\/2021\/05\/logo-casasdavargem.png\",\"width\":293,\"height\":129,\"caption\":\"Casas da Vargem\"},\"image\":{\"@id\":\"https:\/\/www.casasdavargem.com\/#logo\"}},{\"@type\":\"WebSite\",\"@id\":\"https:\/\/www.casasdavargem.com\/#website\",\"url\":\"https:\/\/www.casasdavargem.com\/\",\"name\":\"Casas da Vargem\",\"description\":\"Relaxed vacation in a dream house\",\"publisher\":{\"@id\":\"https:\/\/www.casasdavargem.com\/#organization\"},\"potentialAction\":[{\"@type\":\"SearchAction\",\"target\":{\"@type\":\"EntryPoint\",\"urlTemplate\":\"https:\/\/www.casasdavargem.com\/?s={search_term_string}\"},\"query-input\":\"required name=search_term_string\"}],\"inLanguage\":\"pt-PT\"},{\"@type\":\"ImageObject\",\"@id\":\"https:\/\/www.casasdavargem.com\/pt-pt\/ilha-da-madeira-e-ponta-do-sol\/#primaryimage\",\"inLanguage\":\"pt-PT\",\"url\":\"https:\/\/www.casasdavargem.com\/wp-content\/uploads\/2021\/10\/por-do-sol.jpg\",\"contentUrl\":\"https:\/\/www.casasdavargem.com\/wp-content\/uploads\/2021\/10\/por-do-sol.jpg\",\"width\":1500,\"height\":998},{\"@type\":\"WebPage\",\"@id\":\"https:\/\/www.casasdavargem.com\/pt-pt\/ilha-da-madeira-e-ponta-do-sol\/#webpage\",\"url\":\"https:\/\/www.casasdavargem.com\/pt-pt\/ilha-da-madeira-e-ponta-do-sol\/\",\"name\":\"Ilha da Madeira e Ponta do Sol - Casas da Vargem\",\"isPartOf\":{\"@id\":\"https:\/\/www.casasdavargem.com\/#website\"},\"primaryImageOfPage\":{\"@id\":\"https:\/\/www.casasdavargem.com\/pt-pt\/ilha-da-madeira-e-ponta-do-sol\/#primaryimage\"},\"datePublished\":\"2021-11-04T11:58:51+00:00\",\"dateModified\":\"2022-02-16T12:35:16+00:00\",\"description\":\"We\\u2019re a pinpoint in the middle of the Atlantic Ocean, a place that preserves countless wonders, natural resources and a stunning Laurissilva Forest, declared a World Natural Heritage Site by UNESCO.\",\"breadcrumb\":{\"@id\":\"https:\/\/www.casasdavargem.com\/pt-pt\/ilha-da-madeira-e-ponta-do-sol\/#breadcrumb\"},\"inLanguage\":\"pt-PT\",\"potentialAction\":[{\"@type\":\"ReadAction\",\"target\":[\"https:\/\/www.casasdavargem.com\/pt-pt\/ilha-da-madeira-e-ponta-do-sol\/\"]}]},{\"@type\":\"BreadcrumbList\",\"@id\":\"https:\/\/www.casasdavargem.com\/pt-pt\/ilha-da-madeira-e-ponta-do-sol\/#breadcrumb\",\"itemListElement\":[{\"@type\":\"ListItem\",\"position\":1,\"name\":\"Home\",\"item\":\"https:\/\/www.casasdavargem.com\/pt-pt\/\"},{\"@type\":\"ListItem\",\"position\":2,\"name\":\"Ilha da Madeira e Ponta do Sol\"}]}]}<\/script>\n<!-- \/ Yoast SEO plugin. -->","yoast_head_json":{"title":"Ilha da Madeira e Ponta do Sol - Casas da Vargem","description":"We\u2019re a pinpoint in the middle of the Atlantic Ocean, a place that preserves countless wonders, natural resources and a stunning Laurissilva Forest, declared a World Natural Heritage Site by UNESCO.","robots":{"index":"index","follow":"follow","max-snippet":"max-snippet:-1","max-image-preview":"max-image-preview:large","max-video-preview":"max-video-preview:-1"},"canonical":"https:\/\/www.casasdavargem.com\/pt-pt\/ilha-da-madeira-e-ponta-do-sol\/","og_locale":"pt_PT","og_type":"article","og_title":"Ilha da Madeira e Ponta do Sol - Casas da Vargem","og_description":"We\u2019re a pinpoint in the middle of the Atlantic Ocean, a place that preserves countless wonders, natural resources and a stunning Laurissilva Forest, declared a World Natural Heritage Site by UNESCO.","og_url":"https:\/\/www.casasdavargem.com\/pt-pt\/ilha-da-madeira-e-ponta-do-sol\/","og_site_name":"Casas da Vargem","article_modified_time":"2022-02-16T12:35:16+00:00","og_image":[{"width":1500,"height":998,"url":"https:\/\/www.casasdavargem.com\/wp-content\/uploads\/2021\/10\/por-do-sol.jpg","type":"image\/jpeg"}],"twitter_card":"summary_large_image","twitter_misc":{"Tempo estimado de leitura":"9 minutos"},"schema":{"@context":"https:\/\/schema.org","@graph":[{"@type":"Organization","@id":"https:\/\/www.casasdavargem.com\/#organization","name":"Casas da Vargem","url":"https:\/\/www.casasdavargem.com\/","sameAs":[],"logo":{"@type":"ImageObject","@id":"https:\/\/www.casasdavargem.com\/#logo","inLanguage":"pt-PT","url":"https:\/\/www.casasdavargem.com\/wp-content\/uploads\/2021\/05\/logo-casasdavargem.png","contentUrl":"https:\/\/www.casasdavargem.com\/wp-content\/uploads\/2021\/05\/logo-casasdavargem.png","width":293,"height":129,"caption":"Casas da Vargem"},"image":{"@id":"https:\/\/www.casasdavargem.com\/#logo"}},{"@type":"WebSite","@id":"https:\/\/www.casasdavargem.com\/#website","url":"https:\/\/www.casasdavargem.com\/","name":"Casas da Vargem","description":"Relaxed vacation in a dream house","publisher":{"@id":"https:\/\/www.casasdavargem.com\/#organization"},"potentialAction":[{"@type":"SearchAction","target":{"@type":"EntryPoint","urlTemplate":"https:\/\/www.casasdavargem.com\/?s={search_term_string}"},"query-input":"required name=search_term_string"}],"inLanguage":"pt-PT"},{"@type":"ImageObject","@id":"https:\/\/www.casasdavargem.com\/pt-pt\/ilha-da-madeira-e-ponta-do-sol\/#primaryimage","inLanguage":"pt-PT","url":"https:\/\/www.casasdavargem.com\/wp-content\/uploads\/2021\/10\/por-do-sol.jpg","contentUrl":"https:\/\/www.casasdavargem.com\/wp-content\/uploads\/2021\/10\/por-do-sol.jpg","width":1500,"height":998},{"@type":"WebPage","@id":"https:\/\/www.casasdavargem.com\/pt-pt\/ilha-da-madeira-e-ponta-do-sol\/#webpage","url":"https:\/\/www.casasdavargem.com\/pt-pt\/ilha-da-madeira-e-ponta-do-sol\/","name":"Ilha da Madeira e Ponta do Sol - Casas da Vargem","isPartOf":{"@id":"https:\/\/www.casasdavargem.com\/#website"},"primaryImageOfPage":{"@id":"https:\/\/www.casasdavargem.com\/pt-pt\/ilha-da-madeira-e-ponta-do-sol\/#primaryimage"},"datePublished":"2021-11-04T11:58:51+00:00","dateModified":"2022-02-16T12:35:16+00:00","description":"We\u2019re a pinpoint in the middle of the Atlantic Ocean, a place that preserves countless wonders, natural resources and a stunning Laurissilva Forest, declared a World Natural Heritage Site by UNESCO.","breadcrumb":{"@id":"https:\/\/www.casasdavargem.com\/pt-pt\/ilha-da-madeira-e-ponta-do-sol\/#breadcrumb"},"inLanguage":"pt-PT","potentialAction":[{"@type":"ReadAction","target":["https:\/\/www.casasdavargem.com\/pt-pt\/ilha-da-madeira-e-ponta-do-sol\/"]}]},{"@type":"BreadcrumbList","@id":"https:\/\/www.casasdavargem.com\/pt-pt\/ilha-da-madeira-e-ponta-do-sol\/#breadcrumb","itemListElement":[{"@type":"ListItem","position":1,"name":"Home","item":"https:\/\/www.casasdavargem.com\/pt-pt\/"},{"@type":"ListItem","position":2,"name":"Ilha da Madeira e Ponta do Sol"}]}]}},"_links":{"self":[{"href":"https:\/\/www.casasdavargem.com\/pt-pt\/wp-json\/wp\/v2\/pages\/1678","targetHints":{"allow":["GET"]}}],"collection":[{"href":"https:\/\/www.casasdavargem.com\/pt-pt\/wp-json\/wp\/v2\/pages"}],"about":[{"href":"https:\/\/www.casasdavargem.com\/pt-pt\/wp-json\/wp\/v2\/types\/page"}],"author":[{"embeddable":true,"href":"https:\/\/www.casasdavargem.com\/pt-pt\/wp-json\/wp\/v2\/users\/1"}],"replies":[{"embeddable":true,"href":"https:\/\/www.casasdavargem.com\/pt-pt\/wp-json\/wp\/v2\/comments?post=1678"}],"version-history":[{"count":10,"href":"https:\/\/www.casasdavargem.com\/pt-pt\/wp-json\/wp\/v2\/pages\/1678\/revisions"}],"predecessor-version":[{"id":1782,"href":"https:\/\/www.casasdavargem.com\/pt-pt\/wp-json\/wp\/v2\/pages\/1678\/revisions\/1782"}],"wp:featuredmedia":[{"embeddable":true,"href":"https:\/\/www.casasdavargem.com\/pt-pt\/wp-json\/wp\/v2\/media\/1663"}],"wp:attachment":[{"href":"https:\/\/www.casasdavargem.com\/pt-pt\/wp-json\/wp\/v2\/media?parent=1678"}],"curies":[{"name":"wp","href":"https:\/\/api.w.org\/{rel}","templated":true}]}}