{"id":1683,"date":"2021-11-04T12:01:19","date_gmt":"2021-11-04T12:01:19","guid":{"rendered":"https:\/\/www.casasdavargem.com\/the-houses\/"},"modified":"2022-02-16T12:35:43","modified_gmt":"2022-02-16T12:35:43","slug":"as-casas","status":"publish","type":"page","link":"https:\/\/www.casasdavargem.com\/pt-pt\/as-casas\/","title":{"rendered":"As Casas"},"content":{"rendered":"<p>[vc_row full_width=&#8221;stretch_row_content&#8221; css=&#8221;.vc_custom_1634321725512{margin-top: -15px !important;margin-bottom: 0px !important;padding-top: 15px !important;padding-right: 15px !important;padding-bottom: 0px !important;padding-left: 15px !important;background-color: #f9f9f9 !important;}&#8221; el_class=&#8221;book-form-wrapper&#8221; el_id=&#8221;book-form&#8221;][vc_column css=&#8221;.vc_custom_1634320697494{margin-top: 0px !important;margin-right: 0px !important;margin-bottom: 0px !important;margin-left: 0px !important;border-top-width: 0px !important;border-right-width: 0px !important;border-bottom-width: 0px !important;border-left-width: 0px !important;padding-top: 0px !important;padding-right: 0px !important;padding-bottom: 0px !important;padding-left: 0px !important;}&#8221;][vc_raw_html el_class=&#8221;book-header&#8221; css=&#8221;.vc_custom_1645014931416{margin-top: 0px !important;margin-right: 0px !important;margin-bottom: 0px !important;margin-left: 0px !important;border-top-width: 0px !important;border-right-width: 0px !important;border-bottom-width: 0px !important;border-left-width: 0px !important;padding-top: 0px !important;padding-right: 0px !important;padding-bottom: 0px !important;padding-left: 0px !important;}&#8221;]JTNDZGl2JTIwY2xhc3MlM0QlMjJib29raW5nc3luYy1ib29rbm93JTIyJTIwZGF0YS1hY2NvdW50LWlkJTNEJTIyMTkyMCUyMiUyMGRhdGEtcmVudGFsLWlkJTNEJTIyMTE2NjYwJTJDMTE2NjcwJTIyJTIwZGF0YS1zb3VyY2UtaWQlM0QlMjIxNzA1OCUyMiUzRSUzQyUyRmRpdiUzRSUwQSUzQ3NjcmlwdCUyMHR5cGUlM0QlMjJ0ZXh0JTJGamF2YXNjcmlwdCUyMiUyMHNyYyUzRCUyMmh0dHBzJTNBJTJGJTJGd3d3LmJvb2tpbmdzeW5jLmNvbSUyRmFwaSUyRnYyJTJGanMlMkZib29rbm93LmpzJTIyJTNFJTNDJTJGc2NyaXB0JTNF[\/vc_raw_html][\/vc_column][\/vc_row][vc_row equal_height=&#8221;yes&#8221; content_placement=&#8221;middle&#8221; css=&#8221;.vc_custom_1623761036417{margin-top: 75px !important;margin-bottom: 75px !important;}&#8221;][vc_column width=&#8221;1\/2&#8243;][vc_single_image image=&#8221;1355&#8243; img_size=&#8221;full&#8221;][\/vc_column][vc_column width=&#8221;1\/2&#8243;][vc_custom_heading text=&#8221;Maravilhosa vista mar&#8221; font_container=&#8221;tag:h6|text_align:left&#8221; use_theme_fonts=&#8221;yes&#8221; el_class=&#8221;text-uppercase&#8221;][vc_custom_heading text=&#8221;Casa de f\u00e9rias com arquitetura minimalista e piscina deslumbrante na Ponta do Sol &#8211; Ilha da Madeira&#8221; use_theme_fonts=&#8221;yes&#8221; css=&#8221;.vc_custom_1636116597792{margin-top: 0px !important;padding-top: 0px !important;}&#8221;][vc_column_text]Num dos vales junto \u00e0 vila, encontras duas propriedades que se destacam na paisagem gra\u00e7as \u00e0 eleg\u00e2ncia das suas linhas arquitet\u00f3nicas em harmonia com o minimalismo e ambiente tropical, que marcam a personalidade destas fabulosas casas de f\u00e9rias, situadas na Ponta do Sol &#8211; Ilha da Madeira.<\/p>\n<p>A estadia nas Casas da Vargem s\u00e3o o sonho de todos aqueles que desejam passar umas f\u00e9rias esplendorosas numa propriedade de alojamento local que nos transporta para um estado de relaxamento puro e memor\u00e1veis pores do sol, com o oceano como pano de fundo.[\/vc_column_text][\/vc_column][\/vc_row][vc_row full_width=&#8221;stretch_row&#8221; parallax=&#8221;content-moving&#8221; parallax_image=&#8221;1358&#8243; css=&#8221;.vc_custom_1623766998422{padding-top: 200px !important;padding-bottom: 200px !important;background-image: url(https:\/\/www.casasdavargem.com\/wp-content\/uploads\/2021\/06\/cv-pool2.jpg?id=1358) !important;background-position: center;background-repeat: no-repeat !important;background-size: cover !important;}&#8221;][vc_column width=&#8221;1\/2&#8243;][\/vc_column][vc_column width=&#8221;1\/2&#8243;][vc_custom_heading text=&#8221;O teu momento de relaxamento numa casa com piscina na ilha da Madeira.&#8221; font_container=&#8221;tag:h3|text_align:left|color:%23ffffff&#8221; use_theme_fonts=&#8221;yes&#8221;][vc_custom_heading text=&#8221;Para al\u00e9m de todo o conforto e experi\u00eancia que o interior oferece, podes usufruir bons momentos na piscina infinita ou no jardim tropical, local perfeito para brindar \u00e0 vida com um c\u00e1lice de vinho na m\u00e3o.&#8221; font_container=&#8221;tag:p|text_align:left|color:%23ffffff&#8221; use_theme_fonts=&#8221;yes&#8221;][\/vc_column][\/vc_row][vc_row][vc_column width=&#8221;1\/6&#8243;][\/vc_column][vc_column width=&#8221;2\/3&#8243;][vc_custom_heading text=&#8221;As casas tamb\u00e9m possuem jardim biol\u00f3gico&#8221; font_container=&#8221;tag:h2|text_align:center&#8221; use_theme_fonts=&#8221;yes&#8221; css=&#8221;.vc_custom_1636116802951{margin-top: 0px !important;padding-top: 0px !important;}&#8221;][vc_column_text]Ter\u00e1s ainda oportunidade de sentir e colher os produtos da nossa horta de produ\u00e7\u00e3o biol\u00f3gica, cuidada com todo o carinho e que oferece diversos frutos ou ervas arom\u00e1ticas que certamente ir\u00e3o deliciar-te durante a estadia.[\/vc_column_text][vc_single_image image=&#8221;1362&#8243; img_size=&#8221;full&#8221;][\/vc_column][vc_column width=&#8221;1\/6&#8243;][\/vc_column][\/vc_row][vc_row][vc_column width=&#8221;1\/6&#8243;][\/vc_column][vc_column width=&#8221;4\/6&#8243;][vc_btn title=&#8221;Sobre o anfitri\u00e3o&#8221; align=&#8221;center&#8221; link=&#8221;url:https%3A%2F%2Fwww.casasdavargem.com%2Fpt-pt%2Fanfitriao%2F|title:Anfitri%C3%A3o&#8221;][\/vc_column][vc_column width=&#8221;1\/6&#8243;][\/vc_column][\/vc_row][vc_row full_width=&#8221;stretch_row_content_no_spaces&#8221; css=&#8221;.vc_custom_1623762386825{margin-top: 50px !important;border-top-width: 1px !important;border-top-color: #c9c9c9 !important;border-top-style: solid !important;}&#8221;][vc_column][\/vc_column][\/vc_row][vc_row rtl_reverse=&#8221;yes&#8221;][vc_column width=&#8221;1\/2&#8243; offset=&#8221;vc_hidden-xs&#8221;][vc_single_image image=&#8221;1382&#8243; img_size=&#8221;full&#8221;][vc_media_grid element_width=&#8221;3&#8243; grid_id=&#8221;vc_gid:1645014919141-34d023fc-4079-7&#8243; include=&#8221;1370,1371,1372,1373,1374,1375,1376,1377,1378,1379,1380,1381,1383,1384,1385,1386&#8243; css=&#8221;.vc_custom_1623768574939{margin-top: 30px !important;}&#8221;][vc_row_inner][vc_column_inner width=&#8221;1\/2&#8243;][vc_btn title=&#8221;Leia os Testemunhos&#8221; align=&#8221;center&#8221; link=&#8221;url:https%3A%2F%2Fwww.casasdavargem.com%2Fpt-pt%2Ftestemunhos%2F|title:Testemunhos&#8221;][\/vc_column_inner][vc_column_inner width=&#8221;1\/2&#8243;][vc_btn title=&#8221;Mais Fotos&#8221; align=&#8221;center&#8221; link=&#8221;url:https%3A%2F%2Fwww.casasdavargem.com%2Fpt-pt%2Fgaleria%2F|title:Fotos&#8221;][\/vc_column_inner][\/vc_row_inner][\/vc_column][vc_column width=&#8221;1\/2&#8243;][vc_row_inner css=&#8221;.vc_custom_1623762919721{margin-bottom: 25px !important;}&#8221;][vc_column_inner][vc_custom_heading text=&#8221;Nome da propriedade&#8221; font_container=&#8221;tag:h6|text_align:left&#8221; use_theme_fonts=&#8221;yes&#8221; el_class=&#8221;text-uppercase&#8221;][vc_custom_heading text=&#8221;Casas da Vargem&#8221; use_theme_fonts=&#8221;yes&#8221; css=&#8221;.vc_custom_1623762583843{margin-top: 0px !important;padding-top: 0px !important;}&#8221;][\/vc_column_inner][\/vc_row_inner][vc_row_inner css=&#8221;.vc_custom_1623762737354{margin-bottom: 50px !important;}&#8221;][vc_column_inner width=&#8221;1\/2&#8243;][vc_custom_heading text=&#8221;Localiza\u00e7\u00e3o&#8221; font_container=&#8221;tag:h6|text_align:left&#8221; use_theme_fonts=&#8221;yes&#8221; el_class=&#8221;text-uppercase&#8221;][vc_custom_heading text=&#8221;Ilha da madeira \/ Portugal&#8221; font_container=&#8221;tag:h4|text_align:left&#8221; use_theme_fonts=&#8221;yes&#8221; css=&#8221;.vc_custom_1636115527843{margin-top: 0px !important;padding-top: 0px !important;}&#8221;][\/vc_column_inner][vc_column_inner width=&#8221;1\/2&#8243;][vc_custom_heading text=&#8221;Ano de conclus\u00e3o&#8221; font_container=&#8221;tag:h6|text_align:left&#8221; use_theme_fonts=&#8221;yes&#8221; el_class=&#8221;text-uppercase&#8221;][vc_custom_heading text=&#8221;2020&#8243; font_container=&#8221;tag:h4|text_align:left&#8221; use_theme_fonts=&#8221;yes&#8221; css=&#8221;.vc_custom_1623762950196{margin-top: 0px !important;padding-top: 0px !important;}&#8221;][\/vc_column_inner][\/vc_row_inner][vc_row_inner css=&#8221;.vc_custom_1623762729806{margin-bottom: 50px !important;}&#8221;][vc_column_inner][vc_custom_heading text=&#8221;Cen\u00e1rio&#8221; font_container=&#8221;tag:h6|text_align:left&#8221; use_theme_fonts=&#8221;yes&#8221; el_class=&#8221;text-uppercase&#8221;][vc_column_text]Casas da Vargem, situam-se num vale da Ponta do Sol, na ilha da Madeira, caracterizado por um misto de pequenas planta\u00e7\u00f5es de banana e casas unifamiliares. Uma estrada estreita na parte superior do terreno d\u00e1 acesso ao terreno inclinado 3 metros abaixo, o qual possu\u00eda 2 pequenas arrecada\u00e7\u00f5es de pedra em ru\u00ednas. A escala daquelas arrecada\u00e7\u00f5es, t\u00edpicas da constru\u00e7\u00e3o tradicional desta zona, foi a base deste projeto de 2 casas geminadas de f\u00e9rias. Os armaz\u00e9ns foram renovados e v\u00e1rios novos volumes com um tamanho semelhante foram organizados em declive no terreno, criando p\u00e1tios e jardins entre eles. Do outro lado do vale, o edif\u00edcio apresenta-se como um conjunto de volumes menores, adequados \u00e0 \u00e1rea. No interior os quartos seguem a inclina\u00e7\u00e3o natural do terreno, permitindo que os espa\u00e7os tenham liga\u00e7\u00e3o direta com os jardins e p\u00e1tios que apresentam diferentes n\u00edveis de privacidade, exposi\u00e7\u00e3o solar e sombra. As duas casas t\u00eam uma piscina comum rodeada por uma vegeta\u00e7\u00e3o exuberante, dando o m\u00e1ximo de privacidade para os terra\u00e7os. Cada casa tem uma banheira exterior privada. Os materiais escolhidos s\u00e3o principalmente materiais tradicionais e naturais como o ch\u00e3o de madeira, fachadas de pedra exposta para as arrecada\u00e7\u00f5es renovadas e terra\u00e7os com acabamento em \u201ccal\u00e7ada portuguesa\u201d, um pavimento de estilo tradicional com pequenas pedras de basalto.[\/vc_column_text][\/vc_column_inner][\/vc_row_inner][vc_row_inner][vc_column_inner width=&#8221;1\/2&#8243;][vc_custom_heading text=&#8221;Acomoda\u00e7\u00e3o&#8221; font_container=&#8221;tag:h6|text_align:left&#8221; use_theme_fonts=&#8221;yes&#8221; el_class=&#8221;text-uppercase&#8221;][vc_column_text]Casa[\/vc_column_text][\/vc_column_inner][vc_column_inner width=&#8221;1\/2&#8243;][vc_custom_heading text=&#8221;Arquitetura&#8221; font_container=&#8221;tag:h6|text_align:left&#8221; use_theme_fonts=&#8221;yes&#8221; el_class=&#8221;text-uppercase&#8221;][vc_column_text]Moderna[\/vc_column_text][\/vc_column_inner][\/vc_row_inner][vc_row_inner][vc_column_inner][vc_custom_heading text=&#8221;Arquiteto&#8221; font_container=&#8221;tag:h6|text_align:left&#8221; use_theme_fonts=&#8221;yes&#8221; el_class=&#8221;text-uppercase&#8221;][vc_column_text]Rik Den and Carolina Sumares, Studio Dois, Calheta, <a href=\"http:\/\/www.studiodois.eu\" target=\"_blank\" rel=\"noopener\">www.studiodois.eu<\/a>[\/vc_column_text][\/vc_column_inner][\/vc_row_inner][vc_row_inner][vc_column_inner][vc_custom_heading text=&#8221;Designer de interiores&#8221; font_container=&#8221;tag:h6|text_align:left&#8221; use_theme_fonts=&#8221;yes&#8221; el_class=&#8221;text-uppercase&#8221;][vc_column_text]Rik Den and Carolina Sumares, Studio Dois, Calheta, <a href=\"http:\/\/www.studiodois.eu\" target=\"_blank\" rel=\"noopener\">www.studiodois.eu<\/a>[\/vc_column_text][\/vc_column_inner][\/vc_row_inner][vc_row_inner][vc_column_inner][vc_custom_heading text=&#8221;Lista de publica\u00e7\u00f5es&#8221; font_container=&#8221;tag:h6|text_align:left&#8221; use_theme_fonts=&#8221;yes&#8221; el_class=&#8221;text-uppercase&#8221;][vc_column_text]Archdaily, Architizer, Archello, Casas Vogue Brasil, Urlaubsarchitektur.[\/vc_column_text][\/vc_column_inner][\/vc_row_inner][vc_row_inner][vc_column_inner][vc_custom_heading text=&#8221;O que fazer na localiza\u00e7\u00e3o?&#8221; font_container=&#8221;tag:h6|text_align:left&#8221; use_theme_fonts=&#8221;yes&#8221; el_class=&#8221;text-uppercase&#8221;][vc_column_text]\u00c9 uma zona rural, que fica muito perto do centro da vila, onde podem encontrar bares, restaurantes, praia, algumas mercearias t\u00edpicas, e tamb\u00e9m passeios pelas levadas, a cerca de 20 minutos a p\u00e9 da casa.[\/vc_column_text][\/vc_column_inner][\/vc_row_inner][vc_row_inner][vc_column_inner][vc_custom_heading text=&#8221;Animais permitidos?&#8221; font_container=&#8221;tag:h6|text_align:left&#8221; use_theme_fonts=&#8221;yes&#8221; el_class=&#8221;text-uppercase&#8221;][vc_column_text]N\u00e3o[\/vc_column_text][\/vc_column_inner][\/vc_row_inner][vc_row_inner][vc_column_inner][vc_custom_heading text=&#8221;Adequado para Quantas Pessoas?&#8221; font_container=&#8221;tag:h6|text_align:left&#8221; use_theme_fonts=&#8221;yes&#8221; el_class=&#8221;text-uppercase&#8221;][vc_column_text]2 casas. Uma casa com 2 quartos que acomoda 4 pessoas e uma com 1 quarto que acomoda 2 pessoas. Existe a possibilidade de alugar as duas em conjunto, acomodando 6 pessoas no total.[\/vc_column_text][\/vc_column_inner][\/vc_row_inner][vc_row_inner][vc_column_inner][vc_custom_heading text=&#8221;Endere\u00e7o\/C\u00f3digo Postal&#8221; font_container=&#8221;tag:h6|text_align:left&#8221; use_theme_fonts=&#8221;yes&#8221; el_class=&#8221;text-uppercase&#8221;][vc_column_text]Caminho Levada da Vargem n\u00b043, 9360-575 Ponta do Sol\/Madeira[\/vc_column_text][\/vc_column_inner][\/vc_row_inner][vc_row_inner][vc_column_inner][vc_custom_heading text=&#8221;Energia Sustent\u00e1vel&#8221; font_container=&#8221;tag:h6|text_align:left&#8221; use_theme_fonts=&#8221;yes&#8221; el_class=&#8221;text-uppercase&#8221;][vc_column_text]As casas recebem \u00e1gua quente de um painel solar existente no terra\u00e7o.[\/vc_column_text][\/vc_column_inner][\/vc_row_inner][vc_row_inner][vc_column_inner][vc_custom_heading text=&#8221;Outras Informa\u00e7\u00f5es\/Categorias&#8221; font_container=&#8221;tag:h6|text_align:left&#8221; use_theme_fonts=&#8221;yes&#8221; el_class=&#8221;text-uppercase&#8221;][vc_column_text]Fam\u00edlia, caminhantes, casais, yoga&#8230;[\/vc_column_text][\/vc_column_inner][\/vc_row_inner][vc_row_inner][vc_column_inner][vc_custom_heading text=&#8221;Transportes p\u00fablicos&#8221; font_container=&#8221;tag:h6|text_align:left&#8221; use_theme_fonts=&#8221;yes&#8221; el_class=&#8221;text-uppercase&#8221;][vc_column_text]Sim, existe transportes p\u00fablicos durante todo o dia[\/vc_column_text][\/vc_column_inner][\/vc_row_inner][vc_row_inner][vc_column_inner][vc_custom_heading text=&#8221;Sustentabilidade da Casa&#8221; font_container=&#8221;tag:h6|text_align:left&#8221; use_theme_fonts=&#8221;yes&#8221; el_class=&#8221;text-uppercase&#8221;][vc_column_text]As casas foram cuidadosamente projetadas para ficarem confort\u00e1veis \u200b\u200bdurante todo o ano de uma forma natural. Todos os quartos t\u00eam abertura para os p\u00e1tios ou \u00e1reas exteriores para (cruzar) a ventila\u00e7\u00e3o quando desej\u00e1vel e as janelas foram colocadas de forma a aproveitar o calor do sol, sem sobreaquecimento.[\/vc_column_text][\/vc_column_inner][\/vc_row_inner][vc_row_inner][vc_column_inner][vc_custom_heading text=&#8221;Sustentabilidade&#8221; font_container=&#8221;tag:h6|text_align:left&#8221; use_theme_fonts=&#8221;yes&#8221; el_class=&#8221;text-uppercase&#8221;][vc_column_text]As casas d\u00e3o acesso a um jardim de vegetais, frutas e ervas arom\u00e1ticas\/ch\u00e1, onde os h\u00f3spedes podem descobrir os produtos locais da forma mais natural.[\/vc_column_text][\/vc_column_inner][\/vc_row_inner][\/vc_column][\/vc_row]<\/p>\n","protected":false},"excerpt":{"rendered":"<p>[vc_row full_width=&#8221;stretch_row_content&#8221; css=&#8221;.vc_custom_1634321725512{margin-top: -15px !important;margin-bottom: 0px !important;padding-top: 15px !important;padding-right: 15px !important;padding-bottom: 0px !important;padding-left: 15px !important;background-color: #f9f9f9 !important;}&#8221; el_class=&#8221;book-form-wrapper&#8221; el_id=&#8221;book-form&#8221;][vc_column css=&#8221;.vc_custom_1634320697494{margin-top: 0px !important;margin-right: 0px !important;margin-bottom: 0px !important;margin-left: 0px !important;border-top-width: 0px !important;border-right-width: 0px !important;border-bottom-width: 0px !important;border-left-width: 0px !important;padding-top: 0px !important;padding-right: 0px !important;padding-bottom: 0px !important;padding-left: 0px !important;}&#8221;][vc_raw_html el_class=&#8221;book-header&#8221; css=&#8221;.vc_custom_1645014931416{margin-top: 0px !important;margin-right: 0px !important;margin-bottom: 0px !important;margin-left: 0px !important;border-top-width: 0px [&hellip;]<\/p>\n","protected":false},"author":1,"featured_media":1567,"parent":0,"menu_order":0,"comment_status":"closed","ping_status":"closed","template":"","meta":{"footnotes":""},"class_list":["post-1683","page","type-page","status-publish","has-post-thumbnail","hentry"],"yoast_head":"<!-- This site is optimized with the Yoast SEO plugin v17.5 - https:\/\/yoast.com\/wordpress\/plugins\/seo\/ -->\n<title>As Casas - Casas da Vargem<\/title>\n<meta name=\"description\" content=\"Staying in Casas da Vargem is the dream of anyone who wants to have a wonderful holiday in a local accommodation property that takes you to a state of pure relaxation, with the ocean and remarkable sunsets as a backdrop.\" \/>\n<meta name=\"robots\" content=\"index, follow, max-snippet:-1, max-image-preview:large, max-video-preview:-1\" \/>\n<link rel=\"canonical\" href=\"https:\/\/www.casasdavargem.com\/pt-pt\/as-casas\/\" \/>\n<meta property=\"og:locale\" content=\"pt_PT\" \/>\n<meta property=\"og:type\" content=\"article\" \/>\n<meta property=\"og:title\" content=\"As Casas - Casas da Vargem\" \/>\n<meta property=\"og:description\" content=\"Staying in Casas da Vargem is the dream of anyone who wants to have a wonderful holiday in a local accommodation property that takes you to a state of pure relaxation, with the ocean and remarkable sunsets as a backdrop.\" \/>\n<meta property=\"og:url\" content=\"https:\/\/www.casasdavargem.com\/pt-pt\/as-casas\/\" \/>\n<meta property=\"og:site_name\" content=\"Casas da Vargem\" \/>\n<meta property=\"article:modified_time\" content=\"2022-02-16T12:35:43+00:00\" \/>\n<meta property=\"og:image\" content=\"https:\/\/www.casasdavargem.com\/wp-content\/uploads\/2021\/05\/CV-house.jpg\" \/>\n\t<meta property=\"og:image:width\" content=\"1467\" \/>\n\t<meta property=\"og:image:height\" content=\"926\" \/>\n<meta name=\"twitter:card\" content=\"summary_large_image\" \/>\n<meta name=\"twitter:label1\" content=\"Tempo estimado de leitura\" \/>\n\t<meta name=\"twitter:data1\" content=\"4 minutos\" \/>\n<script type=\"application\/ld+json\" class=\"yoast-schema-graph\">{\"@context\":\"https:\/\/schema.org\",\"@graph\":[{\"@type\":\"Organization\",\"@id\":\"https:\/\/www.casasdavargem.com\/#organization\",\"name\":\"Casas da Vargem\",\"url\":\"https:\/\/www.casasdavargem.com\/\",\"sameAs\":[],\"logo\":{\"@type\":\"ImageObject\",\"@id\":\"https:\/\/www.casasdavargem.com\/#logo\",\"inLanguage\":\"pt-PT\",\"url\":\"https:\/\/www.casasdavargem.com\/wp-content\/uploads\/2021\/05\/logo-casasdavargem.png\",\"contentUrl\":\"https:\/\/www.casasdavargem.com\/wp-content\/uploads\/2021\/05\/logo-casasdavargem.png\",\"width\":293,\"height\":129,\"caption\":\"Casas da Vargem\"},\"image\":{\"@id\":\"https:\/\/www.casasdavargem.com\/#logo\"}},{\"@type\":\"WebSite\",\"@id\":\"https:\/\/www.casasdavargem.com\/#website\",\"url\":\"https:\/\/www.casasdavargem.com\/\",\"name\":\"Casas da Vargem\",\"description\":\"Relaxed vacation in a dream house\",\"publisher\":{\"@id\":\"https:\/\/www.casasdavargem.com\/#organization\"},\"potentialAction\":[{\"@type\":\"SearchAction\",\"target\":{\"@type\":\"EntryPoint\",\"urlTemplate\":\"https:\/\/www.casasdavargem.com\/?s={search_term_string}\"},\"query-input\":\"required name=search_term_string\"}],\"inLanguage\":\"pt-PT\"},{\"@type\":\"ImageObject\",\"@id\":\"https:\/\/www.casasdavargem.com\/pt-pt\/as-casas\/#primaryimage\",\"inLanguage\":\"pt-PT\",\"url\":\"https:\/\/www.casasdavargem.com\/wp-content\/uploads\/2021\/05\/CV-house.jpg\",\"contentUrl\":\"https:\/\/www.casasdavargem.com\/wp-content\/uploads\/2021\/05\/CV-house.jpg\",\"width\":1467,\"height\":926},{\"@type\":\"WebPage\",\"@id\":\"https:\/\/www.casasdavargem.com\/pt-pt\/as-casas\/#webpage\",\"url\":\"https:\/\/www.casasdavargem.com\/pt-pt\/as-casas\/\",\"name\":\"As Casas - Casas da Vargem\",\"isPartOf\":{\"@id\":\"https:\/\/www.casasdavargem.com\/#website\"},\"primaryImageOfPage\":{\"@id\":\"https:\/\/www.casasdavargem.com\/pt-pt\/as-casas\/#primaryimage\"},\"datePublished\":\"2021-11-04T12:01:19+00:00\",\"dateModified\":\"2022-02-16T12:35:43+00:00\",\"description\":\"Staying in Casas da Vargem is the dream of anyone who wants to have a wonderful holiday in a local accommodation property that takes you to a state of pure relaxation, with the ocean and remarkable sunsets as a backdrop.\",\"breadcrumb\":{\"@id\":\"https:\/\/www.casasdavargem.com\/pt-pt\/as-casas\/#breadcrumb\"},\"inLanguage\":\"pt-PT\",\"potentialAction\":[{\"@type\":\"ReadAction\",\"target\":[\"https:\/\/www.casasdavargem.com\/pt-pt\/as-casas\/\"]}]},{\"@type\":\"BreadcrumbList\",\"@id\":\"https:\/\/www.casasdavargem.com\/pt-pt\/as-casas\/#breadcrumb\",\"itemListElement\":[{\"@type\":\"ListItem\",\"position\":1,\"name\":\"Home\",\"item\":\"https:\/\/www.casasdavargem.com\/pt-pt\/\"},{\"@type\":\"ListItem\",\"position\":2,\"name\":\"As Casas\"}]}]}<\/script>\n<!-- \/ Yoast SEO plugin. -->","yoast_head_json":{"title":"As Casas - Casas da Vargem","description":"Staying in Casas da Vargem is the dream of anyone who wants to have a wonderful holiday in a local accommodation property that takes you to a state of pure relaxation, with the ocean and remarkable sunsets as a backdrop.","robots":{"index":"index","follow":"follow","max-snippet":"max-snippet:-1","max-image-preview":"max-image-preview:large","max-video-preview":"max-video-preview:-1"},"canonical":"https:\/\/www.casasdavargem.com\/pt-pt\/as-casas\/","og_locale":"pt_PT","og_type":"article","og_title":"As Casas - Casas da Vargem","og_description":"Staying in Casas da Vargem is the dream of anyone who wants to have a wonderful holiday in a local accommodation property that takes you to a state of pure relaxation, with the ocean and remarkable sunsets as a backdrop.","og_url":"https:\/\/www.casasdavargem.com\/pt-pt\/as-casas\/","og_site_name":"Casas da Vargem","article_modified_time":"2022-02-16T12:35:43+00:00","og_image":[{"width":1467,"height":926,"url":"https:\/\/www.casasdavargem.com\/wp-content\/uploads\/2021\/05\/CV-house.jpg","type":"image\/jpeg"}],"twitter_card":"summary_large_image","twitter_misc":{"Tempo estimado de leitura":"4 minutos"},"schema":{"@context":"https:\/\/schema.org","@graph":[{"@type":"Organization","@id":"https:\/\/www.casasdavargem.com\/#organization","name":"Casas da Vargem","url":"https:\/\/www.casasdavargem.com\/","sameAs":[],"logo":{"@type":"ImageObject","@id":"https:\/\/www.casasdavargem.com\/#logo","inLanguage":"pt-PT","url":"https:\/\/www.casasdavargem.com\/wp-content\/uploads\/2021\/05\/logo-casasdavargem.png","contentUrl":"https:\/\/www.casasdavargem.com\/wp-content\/uploads\/2021\/05\/logo-casasdavargem.png","width":293,"height":129,"caption":"Casas da Vargem"},"image":{"@id":"https:\/\/www.casasdavargem.com\/#logo"}},{"@type":"WebSite","@id":"https:\/\/www.casasdavargem.com\/#website","url":"https:\/\/www.casasdavargem.com\/","name":"Casas da Vargem","description":"Relaxed vacation in a dream house","publisher":{"@id":"https:\/\/www.casasdavargem.com\/#organization"},"potentialAction":[{"@type":"SearchAction","target":{"@type":"EntryPoint","urlTemplate":"https:\/\/www.casasdavargem.com\/?s={search_term_string}"},"query-input":"required name=search_term_string"}],"inLanguage":"pt-PT"},{"@type":"ImageObject","@id":"https:\/\/www.casasdavargem.com\/pt-pt\/as-casas\/#primaryimage","inLanguage":"pt-PT","url":"https:\/\/www.casasdavargem.com\/wp-content\/uploads\/2021\/05\/CV-house.jpg","contentUrl":"https:\/\/www.casasdavargem.com\/wp-content\/uploads\/2021\/05\/CV-house.jpg","width":1467,"height":926},{"@type":"WebPage","@id":"https:\/\/www.casasdavargem.com\/pt-pt\/as-casas\/#webpage","url":"https:\/\/www.casasdavargem.com\/pt-pt\/as-casas\/","name":"As Casas - Casas da Vargem","isPartOf":{"@id":"https:\/\/www.casasdavargem.com\/#website"},"primaryImageOfPage":{"@id":"https:\/\/www.casasdavargem.com\/pt-pt\/as-casas\/#primaryimage"},"datePublished":"2021-11-04T12:01:19+00:00","dateModified":"2022-02-16T12:35:43+00:00","description":"Staying in Casas da Vargem is the dream of anyone who wants to have a wonderful holiday in a local accommodation property that takes you to a state of pure relaxation, with the ocean and remarkable sunsets as a backdrop.","breadcrumb":{"@id":"https:\/\/www.casasdavargem.com\/pt-pt\/as-casas\/#breadcrumb"},"inLanguage":"pt-PT","potentialAction":[{"@type":"ReadAction","target":["https:\/\/www.casasdavargem.com\/pt-pt\/as-casas\/"]}]},{"@type":"BreadcrumbList","@id":"https:\/\/www.casasdavargem.com\/pt-pt\/as-casas\/#breadcrumb","itemListElement":[{"@type":"ListItem","position":1,"name":"Home","item":"https:\/\/www.casasdavargem.com\/pt-pt\/"},{"@type":"ListItem","position":2,"name":"As Casas"}]}]}},"_links":{"self":[{"href":"https:\/\/www.casasdavargem.com\/pt-pt\/wp-json\/wp\/v2\/pages\/1683","targetHints":{"allow":["GET"]}}],"collection":[{"href":"https:\/\/www.casasdavargem.com\/pt-pt\/wp-json\/wp\/v2\/pages"}],"about":[{"href":"https:\/\/www.casasdavargem.com\/pt-pt\/wp-json\/wp\/v2\/types\/page"}],"author":[{"embeddable":true,"href":"https:\/\/www.casasdavargem.com\/pt-pt\/wp-json\/wp\/v2\/users\/1"}],"replies":[{"embeddable":true,"href":"https:\/\/www.casasdavargem.com\/pt-pt\/wp-json\/wp\/v2\/comments?post=1683"}],"version-history":[{"count":14,"href":"https:\/\/www.casasdavargem.com\/pt-pt\/wp-json\/wp\/v2\/pages\/1683\/revisions"}],"predecessor-version":[{"id":1783,"href":"https:\/\/www.casasdavargem.com\/pt-pt\/wp-json\/wp\/v2\/pages\/1683\/revisions\/1783"}],"wp:featuredmedia":[{"embeddable":true,"href":"https:\/\/www.casasdavargem.com\/pt-pt\/wp-json\/wp\/v2\/media\/1567"}],"wp:attachment":[{"href":"https:\/\/www.casasdavargem.com\/pt-pt\/wp-json\/wp\/v2\/media?parent=1683"}],"curies":[{"name":"wp","href":"https:\/\/api.w.org\/{rel}","templated":true}]}}